{"id":648,"date":"2019-06-04T14:53:12","date_gmt":"2019-06-04T18:53:12","guid":{"rendered":"https:\/\/exparl.ca\/ce-que-nous-faisons\/cafp-events\/"},"modified":"2023-12-08T13:41:25","modified_gmt":"2023-12-08T18:41:25","slug":"cafp-events","status":"publish","type":"page","link":"https:\/\/exparl.ca\/fr\/ce-que-nous-faisons\/cafp-events\/","title":{"rendered":"\u00c9v\u00e9nements"},"content":{"rendered":"<div class=\"wpb-content-wrapper\"><p>[vc_row el_class=\u00a0\u00bbpage_panel\u00a0\u00bb][vc_column][vc_row_inner el_class=\u00a0\u00bbinner-container\u00a0\u00bb][vc_column_inner][vc_column_text]<\/p>\n<h3>Les \u00e9v\u00e9nements organis\u00e9s par l\u2019ACEP fournissent \u00e0 nos membres l\u2019occasion de faire du r\u00e9seautage et de contribuer aux conversations qui fa\u00e7onnent la d\u00e9mocratie canadienne. Visitez les \u00e9v\u00e9nements ci-dessous pour obtenir des d\u00e9tails sur les activit\u00e9s \u00e0 venir et pour vous y inscrire.<\/h3>\n<p>[\/vc_column_text][\/vc_column_inner][\/vc_row_inner][\/vc_column][\/vc_row][vc_row el_id=\u00a0\u00bbhome_recent_activities\u00a0\u00bb css=\u00a0\u00bb.vc_custom_1701113483516{padding-right: 20px !important;padding-left: 20px !important;}\u00a0\u00bb][vc_column][vc_custom_heading text=\u00a0\u00bb\u00c9v\u00e9nements \u00e0 venir :\u00a0\u00bb font_container=\u00a0\u00bbtag:h2|text_align:center\u00a0\u00bb][vc_column_text]\n\n\n<div id=\"wpv-view-layout-416\" class=\"js-wpv-view-layout js-wpv-layout-responsive js-wpv-view-layout-416\" data-viewnumber=\"416\" data-pagination=\"{&quot;id&quot;:416,&quot;query&quot;:&quot;normal&quot;,&quot;type&quot;:&quot;disabled&quot;,&quot;effect&quot;:&quot;fade&quot;,&quot;duration&quot;:500,&quot;speed&quot;:5,&quot;pause_on_hover&quot;:&quot;disabled&quot;,&quot;stop_rollover&quot;:&quot;false&quot;,&quot;cache_pages&quot;:&quot;enabled&quot;,&quot;preload_images&quot;:&quot;enabled&quot;,&quot;preload_pages&quot;:&quot;enabled&quot;,&quot;preload_reach&quot;:1,&quot;spinner&quot;:&quot;builtin&quot;,&quot;spinner_image&quot;:&quot;https:\/\/exparl.ca\/wp-content\/plugins\/wp-views\/embedded\/res\/img\/ajax-loader.gif&quot;,&quot;callback_next&quot;:&quot;&quot;,&quot;manage_history&quot;:&quot;enabled&quot;,&quot;has_controls_in_form&quot;:&quot;disabled&quot;,&quot;infinite_tolerance&quot;:&quot;0&quot;,&quot;max_pages&quot;:0,&quot;page&quot;:1,&quot;base_permalink&quot;:&quot;\/fr\/wp-json\/wp\/v2\/pages\/648?wpv_view_count=416&amp;wpv_paged=WPV_PAGE_NUM&quot;,&quot;loop&quot;:{&quot;type&quot;:&quot;&quot;,&quot;name&quot;:&quot;&quot;,&quot;data&quot;:[],&quot;id&quot;:0}}\" data-permalink=\"\/fr\/wp-json\/wp\/v2\/pages\/648?wpv_view_count=416\">\n\n\t\n\t\n<div class=\"hp-recent-post-region upcoming-event-region\">\n\t\n\t\t<div class=\"hp-post-item upcoming-event-item showthedate\"><a href=\"https:\/\/exparl.ca\/fr\/evenements-a-venir\/aga-et-service-commemoratif-2\/\"><div class=\"hp-post-content event-container\"><div class=\"hp-post-banner event-banner\" style=\"background-image:url(https:\/\/exparl.ca\/wp-content\/uploads\/2023\/11\/photo-for-website3-600x461.jpg);background-repeat:no-repeat;\"><\/div><div class=\"overlay\"><\/div><h3 class=\"hp-post-title event-title\">AGA et service comm\u00e9moratif<\/h3><\/div><\/a><div class=\"hp-post-description event-date\"><p>dimanche, le 31 mai 2026 &#8211; lundi, le 1 juin 2026<\/p><\/div><\/div>\n\n\t\n\t\t<div class=\"hp-post-item upcoming-event-item showthedate\"><a href=\"https:\/\/exparl.ca\/fr\/evenements-a-venir\/voyage-detude-2026-islande-et-groenland\/\"><div class=\"hp-post-content event-container\"><div class=\"hp-post-banner event-banner\" style=\"background-image:url(https:\/\/exparl.ca\/wp-content\/uploads\/2025\/12\/shutterstock_398496772-copy-scaled-1-600x461.jpg);background-repeat:no-repeat;\"><\/div><div class=\"overlay\"><\/div><h3 class=\"hp-post-title event-title\">Voyage d&rsquo;\u00e9tude 2026: Islande et Groenland<\/h3><\/div><\/a><div class=\"hp-post-description event-date\"><p>lundi, le 28 septembre 2026 &#8211; jeudi, le 15 octobre 2026<\/p><\/div><\/div>\n\n\t\n\t\t<div class=\"hp-post-item upcoming-event-item showthedate\"><a href=\"https:\/\/exparl.ca\/fr\/evenements-a-venir\/reunion-regionale-nunavut\/\"><div class=\"hp-post-content event-container\"><div class=\"hp-post-banner event-banner\" style=\"background-image:url(https:\/\/exparl.ca\/wp-content\/uploads\/2025\/12\/Iqualuit-Nunavut-1024x718-1-600x461.jpeg);background-repeat:no-repeat;\"><\/div><div class=\"overlay\"><\/div><h3 class=\"hp-post-title event-title\">R\u00e9union r\u00e9gionale : Nunavut<\/h3><\/div><\/a><div class=\"hp-post-description event-date\"><p>jeudi, le 1 octobre 2026 &#8211; samedi, le 31 octobre 2026<\/p><\/div><\/div>\n\n\t\n\t\t<div class=\"hp-post-item upcoming-event-item showthedate1\"><a href=\"https:\/\/exparl.ca\/fr\/evenements-a-venir\/reception-du-temps-des-fetes\/\"><div class=\"hp-post-content event-container\"><div class=\"hp-post-banner event-banner\" style=\"background-image:url(https:\/\/exparl.ca\/wp-content\/uploads\/2023\/11\/photo-for-website2-600x461.jpg);background-repeat:no-repeat;\"><\/div><div class=\"overlay\"><\/div><h3 class=\"hp-post-title event-title\">R\u00e9ception du temps des f\u00eates 2026<\/h3><\/div><\/a><div class=\"hp-post-description event-date\"><p>lundi, le 7 d\u00e9cembre 2026 <\/p><\/div><\/div>\n\n\t\n<\/div>\n\t\n\t\n\t\n<\/div>\n[\/vc_column_text][vc_custom_heading text=\u00a0\u00bb\u00c9v\u00e9nements pass\u00e9 :\u00a0\u00bb font_container=\u00a0\u00bbtag:h2|text_align:center\u00a0\u00bb][vc_column_text]\n\n\n<div id=\"wpv-view-layout-4262\" class=\"js-wpv-view-layout js-wpv-layout-responsive js-wpv-view-layout-4262\" data-viewnumber=\"4262\" data-pagination=\"{&quot;id&quot;:4262,&quot;query&quot;:&quot;normal&quot;,&quot;type&quot;:&quot;disabled&quot;,&quot;effect&quot;:&quot;fade&quot;,&quot;duration&quot;:500,&quot;speed&quot;:5,&quot;pause_on_hover&quot;:&quot;disabled&quot;,&quot;stop_rollover&quot;:&quot;false&quot;,&quot;cache_pages&quot;:&quot;enabled&quot;,&quot;preload_images&quot;:&quot;enabled&quot;,&quot;preload_pages&quot;:&quot;enabled&quot;,&quot;preload_reach&quot;:1,&quot;spinner&quot;:&quot;builtin&quot;,&quot;spinner_image&quot;:&quot;https:\/\/exparl.ca\/wp-content\/plugins\/wp-views\/embedded\/res\/img\/ajax-loader.gif&quot;,&quot;callback_next&quot;:&quot;&quot;,&quot;manage_history&quot;:&quot;enabled&quot;,&quot;has_controls_in_form&quot;:&quot;disabled&quot;,&quot;infinite_tolerance&quot;:&quot;0&quot;,&quot;max_pages&quot;:1,&quot;page&quot;:1,&quot;base_permalink&quot;:&quot;\/fr\/wp-json\/wp\/v2\/pages\/648?wpv_view_count=4262&amp;wpv_paged=WPV_PAGE_NUM&quot;,&quot;loop&quot;:{&quot;type&quot;:&quot;&quot;,&quot;name&quot;:&quot;&quot;,&quot;data&quot;:[],&quot;id&quot;:0}}\" data-permalink=\"\/fr\/wp-json\/wp\/v2\/pages\/648?wpv_view_count=4262\">\n\n\t\n\t\n<div class=\"hp-recent-post-region upcoming-event-region\">\n\t\n\t\t<div class=\"hp-post-item upcoming-event-item showthedate\"><a href=\"https:\/\/exparl.ca\/fr\/evenements-a-venir\/voyage-detude-2026-tanzanie\/\"><div class=\"hp-post-content event-container\"><div class=\"hp-post-banner event-banner\" style=\"background-image:url(https:\/\/exparl.ca\/wp-content\/uploads\/2025\/12\/Dar-es-Salaam-Tanzania-1000x450-1-600x450.jpg);background-repeat:no-repeat;\"><\/div><div class=\"overlay\"><\/div><h3 class=\"hp-post-title event-title\">Voyage d&rsquo;\u00e9tude 2026: Tanzanie<\/h3><\/div><\/a><div class=\"hp-post-description event-date\"><p>jeudi, le 9 avril 2026 &#8211; samedi, le 25 avril 2026<\/p><\/div><\/div>\n\n\t\n\t\t<div class=\"hp-post-item upcoming-event-item showthedate\"><a href=\"https:\/\/exparl.ca\/fr\/evenements-a-venir\/reunion-regionale-st-andrews\/\"><div class=\"hp-post-content event-container\"><div class=\"hp-post-banner event-banner\" style=\"background-image:url(https:\/\/exparl.ca\/wp-content\/uploads\/2023\/07\/St.-Andrews-in-reflection-horizontal-600x450.jpg);background-repeat:no-repeat;\"><\/div><div class=\"overlay\"><\/div><h3 class=\"hp-post-title event-title\">R\u00e9union r\u00e9gionale St. Andrews, Nouveau-Brunswick<\/h3><\/div><\/a><div class=\"hp-post-description event-date\"><p>vendredi, le 6 septembre 2024 &#8211; dimanche, le 8 septembre 2024<\/p><\/div><\/div>\n\n\t\n\t\t<div class=\"hp-post-item upcoming-event-item showthedate\"><a href=\"https:\/\/exparl.ca\/fr\/evenements-a-venir\/voyage-d-etude-a-taiwan\/\"><div class=\"hp-post-content event-container\"><div class=\"hp-post-banner event-banner\" style=\"background-image:url(https:\/\/exparl.ca\/wp-content\/uploads\/2023\/04\/Hualien-County-Taiwan-aerial-coast-600x461.jpg);background-repeat:no-repeat;\"><\/div><div class=\"overlay\"><\/div><h3 class=\"hp-post-title event-title\">VOYAGE D\u2019 \u00c9TUDE \u00c0 TA\u00cfWAN<\/h3><\/div><\/a><div class=\"hp-post-description event-date\"><p>mercredi, le 25 octobre 2023 &#8211; samedi, le 4 novembre 2023<\/p><\/div><\/div>\n\n\t\n\t\t<div class=\"hp-post-item upcoming-event-item showthedate\"><a href=\"https:\/\/exparl.ca\/fr\/evenements-a-venir\/sc-2021\/\"><div class=\"hp-post-content event-container\"><div class=\"hp-post-banner event-banner\" style=\"background-image:url(https:\/\/exparl.ca\/wp-content\/uploads\/2019\/06\/HoC-2019-0603-BT-01-024-web-1-600x461.jpg);background-repeat:no-repeat;\"><\/div><div class=\"overlay\"><\/div><h3 class=\"hp-post-title event-title\">Service comm\u00e9moratif 2022<\/h3><\/div><\/a><div class=\"hp-post-description event-date\"><p>lundi, le 6 juin 2022 <\/p><\/div><\/div>\n\n\t\n<\/div>\n\t\n\t\n\t\n<\/div>\n[\/vc_column_text][\/vc_column][\/vc_row][vc_row disable_element=\u00a0\u00bbyes\u00a0\u00bb][vc_column][vc_row_inner][vc_column_inner width=\u00a0\u00bb1\/3&Prime;][\/vc_column_inner][vc_column_inner width=\u00a0\u00bb1\/3&Prime;][vc_images_carousel images=\u00a0\u00bb1781,1732,1656,1599,2053&Prime; img_size=\u00a0\u00bb600X350&Prime;][\/vc_column_inner][vc_column_inner width=\u00a0\u00bb1\/3&Prime;][\/vc_column_inner][\/vc_row_inner][\/vc_column][\/vc_row]<\/p>\n<\/div>","protected":false},"excerpt":{"rendered":"<p>[vc_row el_class=\u00a0\u00bbpage_panel\u00a0\u00bb][vc_column][vc_row_inner el_class=\u00a0\u00bbinner-container\u00a0\u00bb][vc_column_inner][vc_column_text] Les \u00e9v\u00e9nements organis\u00e9s par l\u2019ACEP fournissent \u00e0 nos membres l\u2019occasion de faire du r\u00e9seautage et de contribuer aux conversations qui fa\u00e7onnent la d\u00e9mocratie canadienne. Visitez les \u00e9v\u00e9nements ci-dessous pour obtenir des d\u00e9tails sur les activit\u00e9s \u00e0 venir et pour vous y inscrire. [\/vc_column_text][\/vc_column_inner][\/vc_row_inner][\/vc_column][\/vc_row][vc_row el_id=\u00a0\u00bbhome_recent_activities\u00a0\u00bb css=\u00a0\u00bb.vc_custom_1701113483516{padding-right: 20px !important;padding-left: 20px !important;}\u00a0\u00bb][vc_column][vc_custom_heading text=\u00a0\u00bb\u00c9v\u00e9nements \u00e0 venir&#8230;<\/p>\n","protected":false},"author":1,"featured_media":0,"parent":644,"menu_order":0,"comment_status":"closed","ping_status":"closed","template":"","meta":{"_acf_changed":false,"footnotes":""},"class_list":["post-648","page","type-page","status-publish","hentry"],"acf":[],"yoast_head":"<!-- This site is optimized with the Yoast SEO plugin v27.5 - https:\/\/yoast.com\/product\/yoast-seo-wordpress\/ -->\n<title>\u00c9v\u00e9nements | Association canadienne des ex-parlementaires<\/title>\n<meta name=\"robots\" content=\"index, follow, max-snippet:-1, max-image-preview:large, max-video-preview:-1\" \/>\n<link rel=\"canonical\" href=\"https:\/\/exparl.ca\/fr\/ce-que-nous-faisons\/cafp-events\/\" \/>\n<meta property=\"og:locale\" content=\"fr_FR\" \/>\n<meta property=\"og:type\" content=\"article\" \/>\n<meta property=\"og:title\" content=\"\u00c9v\u00e9nements | Association canadienne des ex-parlementaires\" \/>\n<meta property=\"og:description\" content=\"[vc_row el_class=\u00a0\u00bbpage_panel\u00a0\u00bb][vc_column][vc_row_inner el_class=\u00a0\u00bbinner-container\u00a0\u00bb][vc_column_inner][vc_column_text] Les \u00e9v\u00e9nements organis\u00e9s par l\u2019ACEP fournissent \u00e0 nos membres l\u2019occasion de faire du r\u00e9seautage et de contribuer aux conversations qui fa\u00e7onnent la d\u00e9mocratie canadienne. Visitez les \u00e9v\u00e9nements ci-dessous pour obtenir des d\u00e9tails sur les activit\u00e9s \u00e0 venir et pour vous y inscrire. [\/vc_column_text][\/vc_column_inner][\/vc_row_inner][\/vc_column][\/vc_row][vc_row el_id=\u00a0\u00bbhome_recent_activities\u00a0\u00bb css=\u00a0\u00bb.vc_custom_1701113483516{padding-right: 20px !important;padding-left: 20px !important;}\u00a0\u00bb][vc_column][vc_custom_heading text=\u00a0\u00bb\u00c9v\u00e9nements \u00e0 venir...\" \/>\n<meta property=\"og:url\" content=\"https:\/\/exparl.ca\/fr\/ce-que-nous-faisons\/cafp-events\/\" \/>\n<meta property=\"og:site_name\" content=\"Association canadienne des ex-parlementaires\" \/>\n<meta property=\"article:modified_time\" content=\"2023-12-08T18:41:25+00:00\" \/>\n<meta name=\"twitter:card\" content=\"summary_large_image\" \/>\n<meta name=\"twitter:label1\" content=\"Dur\u00e9e de lecture estim\u00e9e\" \/>\n\t<meta name=\"twitter:data1\" content=\"1 minute\" \/>\n<script type=\"application\/ld+json\" class=\"yoast-schema-graph\">{\"@context\":\"https:\\\/\\\/schema.org\",\"@graph\":[{\"@type\":\"WebPage\",\"@id\":\"https:\\\/\\\/exparl.ca\\\/fr\\\/ce-que-nous-faisons\\\/cafp-events\\\/\",\"url\":\"https:\\\/\\\/exparl.ca\\\/fr\\\/ce-que-nous-faisons\\\/cafp-events\\\/\",\"name\":\"\u00c9v\u00e9nements | Association canadienne des ex-parlementaires\",\"isPartOf\":{\"@id\":\"https:\\\/\\\/exparl.ca\\\/#website\"},\"datePublished\":\"2019-06-04T18:53:12+00:00\",\"dateModified\":\"2023-12-08T18:41:25+00:00\",\"breadcrumb\":{\"@id\":\"https:\\\/\\\/exparl.ca\\\/fr\\\/ce-que-nous-faisons\\\/cafp-events\\\/#breadcrumb\"},\"inLanguage\":\"fr-FR\",\"potentialAction\":[{\"@type\":\"ReadAction\",\"target\":[\"https:\\\/\\\/exparl.ca\\\/fr\\\/ce-que-nous-faisons\\\/cafp-events\\\/\"]}]},{\"@type\":\"BreadcrumbList\",\"@id\":\"https:\\\/\\\/exparl.ca\\\/fr\\\/ce-que-nous-faisons\\\/cafp-events\\\/#breadcrumb\",\"itemListElement\":[{\"@type\":\"ListItem\",\"position\":1,\"name\":\"Home\",\"item\":\"https:\\\/\\\/exparl.ca\\\/fr\\\/home\\\/\"},{\"@type\":\"ListItem\",\"position\":2,\"name\":\"Ce que nous faisons\",\"item\":\"https:\\\/\\\/exparl.ca\\\/fr\\\/ce-que-nous-faisons\\\/\"},{\"@type\":\"ListItem\",\"position\":3,\"name\":\"\u00c9v\u00e9nements\"}]},{\"@type\":\"WebSite\",\"@id\":\"https:\\\/\\\/exparl.ca\\\/#website\",\"url\":\"https:\\\/\\\/exparl.ca\\\/\",\"name\":\"Association canadienne des ex-parlementaires\",\"description\":\"Association canadienne des ex-parlementaires\",\"potentialAction\":[{\"@type\":\"SearchAction\",\"target\":{\"@type\":\"EntryPoint\",\"urlTemplate\":\"https:\\\/\\\/exparl.ca\\\/?s={search_term_string}\"},\"query-input\":{\"@type\":\"PropertyValueSpecification\",\"valueRequired\":true,\"valueName\":\"search_term_string\"}}],\"inLanguage\":\"fr-FR\"}]}<\/script>\n<!-- \/ Yoast SEO plugin. -->","yoast_head_json":{"title":"\u00c9v\u00e9nements | Association canadienne des ex-parlementaires","robots":{"index":"index","follow":"follow","max-snippet":"max-snippet:-1","max-image-preview":"max-image-preview:large","max-video-preview":"max-video-preview:-1"},"canonical":"https:\/\/exparl.ca\/fr\/ce-que-nous-faisons\/cafp-events\/","og_locale":"fr_FR","og_type":"article","og_title":"\u00c9v\u00e9nements | Association canadienne des ex-parlementaires","og_description":"[vc_row el_class=\u00a0\u00bbpage_panel\u00a0\u00bb][vc_column][vc_row_inner el_class=\u00a0\u00bbinner-container\u00a0\u00bb][vc_column_inner][vc_column_text] Les \u00e9v\u00e9nements organis\u00e9s par l\u2019ACEP fournissent \u00e0 nos membres l\u2019occasion de faire du r\u00e9seautage et de contribuer aux conversations qui fa\u00e7onnent la d\u00e9mocratie canadienne. Visitez les \u00e9v\u00e9nements ci-dessous pour obtenir des d\u00e9tails sur les activit\u00e9s \u00e0 venir et pour vous y inscrire. [\/vc_column_text][\/vc_column_inner][\/vc_row_inner][\/vc_column][\/vc_row][vc_row el_id=\u00a0\u00bbhome_recent_activities\u00a0\u00bb css=\u00a0\u00bb.vc_custom_1701113483516{padding-right: 20px !important;padding-left: 20px !important;}\u00a0\u00bb][vc_column][vc_custom_heading text=\u00a0\u00bb\u00c9v\u00e9nements \u00e0 venir...","og_url":"https:\/\/exparl.ca\/fr\/ce-que-nous-faisons\/cafp-events\/","og_site_name":"Association canadienne des ex-parlementaires","article_modified_time":"2023-12-08T18:41:25+00:00","twitter_card":"summary_large_image","twitter_misc":{"Dur\u00e9e de lecture estim\u00e9e":"1 minute"},"schema":{"@context":"https:\/\/schema.org","@graph":[{"@type":"WebPage","@id":"https:\/\/exparl.ca\/fr\/ce-que-nous-faisons\/cafp-events\/","url":"https:\/\/exparl.ca\/fr\/ce-que-nous-faisons\/cafp-events\/","name":"\u00c9v\u00e9nements | Association canadienne des ex-parlementaires","isPartOf":{"@id":"https:\/\/exparl.ca\/#website"},"datePublished":"2019-06-04T18:53:12+00:00","dateModified":"2023-12-08T18:41:25+00:00","breadcrumb":{"@id":"https:\/\/exparl.ca\/fr\/ce-que-nous-faisons\/cafp-events\/#breadcrumb"},"inLanguage":"fr-FR","potentialAction":[{"@type":"ReadAction","target":["https:\/\/exparl.ca\/fr\/ce-que-nous-faisons\/cafp-events\/"]}]},{"@type":"BreadcrumbList","@id":"https:\/\/exparl.ca\/fr\/ce-que-nous-faisons\/cafp-events\/#breadcrumb","itemListElement":[{"@type":"ListItem","position":1,"name":"Home","item":"https:\/\/exparl.ca\/fr\/home\/"},{"@type":"ListItem","position":2,"name":"Ce que nous faisons","item":"https:\/\/exparl.ca\/fr\/ce-que-nous-faisons\/"},{"@type":"ListItem","position":3,"name":"\u00c9v\u00e9nements"}]},{"@type":"WebSite","@id":"https:\/\/exparl.ca\/#website","url":"https:\/\/exparl.ca\/","name":"Association canadienne des ex-parlementaires","description":"Association canadienne des ex-parlementaires","potentialAction":[{"@type":"SearchAction","target":{"@type":"EntryPoint","urlTemplate":"https:\/\/exparl.ca\/?s={search_term_string}"},"query-input":{"@type":"PropertyValueSpecification","valueRequired":true,"valueName":"search_term_string"}}],"inLanguage":"fr-FR"}]}},"_links":{"self":[{"href":"https:\/\/exparl.ca\/fr\/wp-json\/wp\/v2\/pages\/648","targetHints":{"allow":["GET"]}}],"collection":[{"href":"https:\/\/exparl.ca\/fr\/wp-json\/wp\/v2\/pages"}],"about":[{"href":"https:\/\/exparl.ca\/fr\/wp-json\/wp\/v2\/types\/page"}],"author":[{"embeddable":true,"href":"https:\/\/exparl.ca\/fr\/wp-json\/wp\/v2\/users\/1"}],"replies":[{"embeddable":true,"href":"https:\/\/exparl.ca\/fr\/wp-json\/wp\/v2\/comments?post=648"}],"version-history":[{"count":0,"href":"https:\/\/exparl.ca\/fr\/wp-json\/wp\/v2\/pages\/648\/revisions"}],"up":[{"embeddable":true,"href":"https:\/\/exparl.ca\/fr\/wp-json\/wp\/v2\/pages\/644"}],"wp:attachment":[{"href":"https:\/\/exparl.ca\/fr\/wp-json\/wp\/v2\/media?parent=648"}],"curies":[{"name":"wp","href":"https:\/\/api.w.org\/{rel}","templated":true}]}}